{"version":"1.0","provider_name":"CO Vincennes","provider_url":"https:\/\/covincennes.com","author_name":"Cole Hibry","author_url":"https:\/\/covincennes.com\/index.php\/author\/chevit-frederic\/","title":"Assembl\u00e9e G\u00e9n\u00e9rale du COV le 19 d\u00e9cembre - CO Vincennes","type":"rich","width":600,"height":338,"html":"<blockquote class=\"wp-embedded-content\" data-secret=\"98zWx3gu3x\"><a href=\"https:\/\/covincennes.com\/index.php\/2024\/12\/04\/assemblee-generale-du-cov-le-19-decembre\/\">Assembl\u00e9e G\u00e9n\u00e9rale du COV le 19 d\u00e9cembre<\/a><\/blockquote><iframe sandbox=\"allow-scripts\" security=\"restricted\" src=\"https:\/\/covincennes.com\/index.php\/2024\/12\/04\/assemblee-generale-du-cov-le-19-decembre\/embed\/#?secret=98zWx3gu3x\" width=\"600\" height=\"338\" title=\"\u00ab\u00a0Assembl\u00e9e G\u00e9n\u00e9rale du COV le 19 d\u00e9cembre\u00a0\u00bb &#8212; CO Vincennes\" data-secret=\"98zWx3gu3x\" frameborder=\"0\" marginwidth=\"0\" marginheight=\"0\" scrolling=\"no\" class=\"wp-embedded-content\"><\/iframe><script>\n\/*! This file is auto-generated *\/\n!function(d,l){\"use strict\";l.querySelector&&d.addEventListener&&\"undefined\"!=typeof URL&&(d.wp=d.wp||{},d.wp.receiveEmbedMessage||(d.wp.receiveEmbedMessage=function(e){var t=e.data;if((t||t.secret||t.message||t.value)&&!\/[^a-zA-Z0-9]\/.test(t.secret)){for(var s,r,n,a=l.querySelectorAll('iframe[data-secret=\"'+t.secret+'\"]'),o=l.querySelectorAll('blockquote[data-secret=\"'+t.secret+'\"]'),c=new RegExp(\"^https?:$\",\"i\"),i=0;i<o.length;i++)o[i].style.display=\"none\";for(i=0;i<a.length;i++)s=a[i],e.source===s.contentWindow&&(s.removeAttribute(\"style\"),\"height\"===t.message?(1e3<(r=parseInt(t.value,10))?r=1e3:~~r<200&&(r=200),s.height=r):\"link\"===t.message&&(r=new URL(s.getAttribute(\"src\")),n=new URL(t.value),c.test(n.protocol))&&n.host===r.host&&l.activeElement===s&&(d.top.location.href=t.value))}},d.addEventListener(\"message\",d.wp.receiveEmbedMessage,!1),l.addEventListener(\"DOMContentLoaded\",function(){for(var e,t,s=l.querySelectorAll(\"iframe.wp-embedded-content\"),r=0;r<s.length;r++)(t=(e=s[r]).getAttribute(\"data-secret\"))||(t=Math.random().toString(36).substring(2,12),e.src+=\"#?secret=\"+t,e.setAttribute(\"data-secret\",t)),e.contentWindow.postMessage({message:\"ready\",secret:t},\"*\")},!1)))}(window,document);\n\/\/# sourceURL=https:\/\/covincennes.com\/wp-includes\/js\/wp-embed.min.js\n<\/script>\n","thumbnail_url":"https:\/\/covincennes.com\/wp-content\/uploads\/2024\/12\/Logo-COV.jpg","thumbnail_width":639,"thumbnail_height":480,"description":"Tous les licenci\u00e9s du CO Vincennes sont invit\u00e9s \u00e0 participer \u00e0 l&rsquo;assembl\u00e9e g\u00e9n\u00e9rale annuelle de l&rsquo;association, qui se tiendra le jeudi 19 d\u00e9cembre 2024. Les mineurs de moins de 16 ans peuvent naturellement \u00eatre repr\u00e9sent\u00e9s par un de leurs responsables l\u00e9gaux. Nous vous attendons nombreux \u00e0 cette assembl\u00e9e g\u00e9n\u00e9rale, moment important de la vie d\u00e9mocratique [&hellip;]"}